{"id":275,"date":"2025-12-11T13:21:38","date_gmt":"2025-12-11T13:21:38","guid":{"rendered":"https:\/\/magia-morza.de\/?page_id=275"},"modified":"2026-01-12T17:18:02","modified_gmt":"2026-01-12T17:18:02","slug":"start","status":"publish","type":"page","link":"https:\/\/magia-morza.de\/","title":{"rendered":"Start"},"content":{"rendered":"\n<div class=\"wp-block-group alignfull has-background-background-color has-background has-global-padding is-layout-constrained wp-block-group-is-layout-constrained\" style=\"margin-top:0;margin-bottom:0;padding-top:var(--wp--preset--spacing--30);padding-bottom:var(--wp--preset--spacing--60)\">\n<div class=\"wp-block-columns alignwide are-vertically-aligned-center is-layout-flex wp-container-core-columns-is-layout-1da03c2a wp-block-columns-is-layout-flex\">\n<div class=\"wp-block-column is-vertically-aligned-center is-layout-flow wp-block-column-is-layout-flow\" style=\"flex-basis:50%\">\n<div class=\"wp-block-group has-global-padding is-layout-constrained wp-block-group-is-layout-constrained\" style=\"padding-top:var(--wp--preset--spacing--50);padding-bottom:var(--wp--preset--spacing--50)\">\n<h1 class=\"wp-block-heading\">Apartament wakacyjny \u201eMagia Morza\u201d w Ko\u0142obrzegu\/Podczele<\/h1>\n\n\n\n<p dir=\"ltr\" style=\"margin-top:16px\">Zapraszamy na niezapomniane wakacje nad polskim Ba\u0142tykiem w naszym przytulnym apartamencie wakacyjnym, kt\u00f3ry gwarantuje komfort i relaks.<\/p>\n\n\n\n<p>Dzielnica Podczele oferuje spok\u00f3j i blisko\u015b\u0107 Morza Ba\u0142tyckiego. Mo\u017cliwo\u015b\u0107 spacer\u00f3w po pla\u017cy o ka\u017cdej porze roku jest niew\u0105tpliwie wielk\u0105 zalet\u0105 Podczele.<\/p>\n\n\n\n<p>Do centrum Ko\u0142obrzegu mo\u017cna dotrze\u0107 w kilka minut. Jako uzdrowisko i miejscowo\u015b\u0107 wypoczynkowa miasto oferuje bardzo dobr\u0105 infrastruktur\u0119 turystyczn\u0105: lodziarnie, bary, kawiarnie, restauracje i du\u017co miejsca do opalania. Mi\u0142o\u015bnicy aktywnego wypoczynku i sportu mog\u0105 korzysta\u0107 z licznych bezpiecznych, dobrze utrzymanych i malowniczo po\u0142o\u017conych tras rowerowych i szlak\u00f3w turystycznych. Prawdziwa przyjemno\u015b\u0107!<\/p>\n\n\n\n<p>Tutaj znajdziesz wi\u0119cej ciekawych informacji na temat Twojego urlopu w Kolbergu, aktualne wiadomo\u015bci, porady ekspert\u00f3w i odpowiedzi na najcz\u0119\u015bciej zadawane pytania dotycz\u0105ce Kolbergu: <a href=\"https:\/\/www.kolberg-cafe.de\/\" target=\"_blank\" rel=\"noopener\" title=\"\">www.kolberg-cafe.de<\/a><\/p>\n\n\n\n<div class=\"wp-block-buttons is-content-justification-left is-layout-flex wp-container-core-buttons-is-layout-ec155617 wp-block-buttons-is-layout-flex\" style=\"margin-top:var(--wp--preset--spacing--40)\">\n<div class=\"wp-block-button\"><a class=\"wp-block-button__link wp-element-button\" href=\"https:\/\/magia-morza.de\/pl\/kontakt\">Odkryj teraz<\/a><\/div>\n<\/div>\n<\/div>\n<\/div>\n\n\n\n<div class=\"wp-block-column is-vertically-aligned-center is-layout-flow wp-container-core-column-is-layout-8a368f38 wp-block-column-is-layout-flow\" style=\"flex-basis:50%\">\n<div class=\"wp-block-columns is-layout-flex wp-container-core-columns-is-layout-3f5e0527 wp-block-columns-is-layout-flex\">\n<div class=\"wp-block-column is-layout-flow wp-block-column-is-layout-flow\" style=\"flex-basis:50%\">\n<figure class=\"wp-block-image size-full\"><img decoding=\"async\" src=\"https:\/\/magia-morza.de\/wp-content\/uploads\/2025\/11\/Podczele.jpeg\" alt=\"\" class=\"wp-image-38\"\/><\/figure>\n\n\n\n<figure class=\"wp-block-image size-large\"><img loading=\"lazy\" decoding=\"async\" width=\"768\" height=\"1024\" src=\"https:\/\/magia-morza.de\/wp-content\/uploads\/2025\/11\/Meer-am-Abend-768x1024.jpeg\" alt=\"\" class=\"wp-image-40\" srcset=\"https:\/\/magia-morza.de\/wp-content\/uploads\/2025\/11\/Meer-am-Abend-768x1024.jpeg 768w, https:\/\/magia-morza.de\/wp-content\/uploads\/2025\/11\/Meer-am-Abend-225x300.jpeg 225w, https:\/\/magia-morza.de\/wp-content\/uploads\/2025\/11\/Meer-am-Abend-1152x1536.jpeg 1152w, https:\/\/magia-morza.de\/wp-content\/uploads\/2025\/11\/Meer-am-Abend-1536x2048.jpeg 1536w, https:\/\/magia-morza.de\/wp-content\/uploads\/2025\/11\/Meer-am-Abend-scaled.jpeg 1920w\" sizes=\"auto, (max-width: 768px) 100vw, 768px\" \/><\/figure>\n<\/div>\n\n\n\n<div class=\"wp-block-column is-layout-flow wp-block-column-is-layout-flow\" style=\"flex-basis:50%\">\n<figure class=\"wp-block-image size-large\"><img loading=\"lazy\" decoding=\"async\" width=\"768\" height=\"1024\" src=\"https:\/\/magia-morza.de\/wp-content\/uploads\/2025\/11\/Stuhl-768x1024.jpg\" alt=\"\" class=\"wp-image-41\" srcset=\"https:\/\/magia-morza.de\/wp-content\/uploads\/2025\/11\/Stuhl-768x1024.jpg 768w, https:\/\/magia-morza.de\/wp-content\/uploads\/2025\/11\/Stuhl-225x300.jpg 225w, https:\/\/magia-morza.de\/wp-content\/uploads\/2025\/11\/Stuhl-1152x1536.jpg 1152w, https:\/\/magia-morza.de\/wp-content\/uploads\/2025\/11\/Stuhl.jpg 1200w\" sizes=\"auto, (max-width: 768px) 100vw, 768px\" \/><\/figure>\n\n\n\n<figure class=\"wp-block-image size-large\"><img loading=\"lazy\" decoding=\"async\" width=\"768\" height=\"1024\" src=\"https:\/\/magia-morza.de\/wp-content\/uploads\/2025\/12\/Wohnzimmer1-1-768x1024.jpeg\" alt=\"\" class=\"wp-image-231\" srcset=\"https:\/\/magia-morza.de\/wp-content\/uploads\/2025\/12\/Wohnzimmer1-1-768x1024.jpeg 768w, https:\/\/magia-morza.de\/wp-content\/uploads\/2025\/12\/Wohnzimmer1-1-225x300.jpeg 225w, https:\/\/magia-morza.de\/wp-content\/uploads\/2025\/12\/Wohnzimmer1-1-1152x1536.jpeg 1152w, https:\/\/magia-morza.de\/wp-content\/uploads\/2025\/12\/Wohnzimmer1-1-1536x2048.jpeg 1536w, https:\/\/magia-morza.de\/wp-content\/uploads\/2025\/12\/Wohnzimmer1-1-scaled.jpeg 1920w\" sizes=\"auto, (max-width: 768px) 100vw, 768px\" \/><\/figure>\n<\/div>\n<\/div>\n<\/div>\n<\/div>\n<\/div>\n\n\n\n<div class=\"wp-block-group alignfull has-tertiary-background-color has-background has-global-padding is-layout-constrained wp-container-core-group-is-layout-7276a2bb wp-block-group-is-layout-constrained\" id=\"ueber-uns\" style=\"margin-top:0;margin-bottom:0;padding-top:var(--wp--preset--spacing--60);padding-right:var(--wp--preset--spacing--30);padding-bottom:var(--wp--preset--spacing--60);padding-left:var(--wp--preset--spacing--30)\">\n<div class=\"wp-block-columns alignwide are-vertically-aligned-center is-layout-flex wp-container-core-columns-is-layout-47c06fe3 wp-block-columns-is-layout-flex\">\n<div class=\"wp-block-column is-vertically-aligned-center is-layout-flow wp-container-core-column-is-layout-f5bb311e wp-block-column-is-layout-flow\" style=\"flex-basis:50%\">\n<div class=\"wp-block-group has-global-padding is-layout-constrained wp-container-core-group-is-layout-279e0ccb wp-block-group-is-layout-constrained\">\n<figure class=\"wp-block-image size-large has-custom-border\"><img loading=\"lazy\" decoding=\"async\" width=\"1024\" height=\"768\" src=\"https:\/\/magia-morza.de\/wp-content\/uploads\/2025\/11\/Hausfront-1-1024x768.jpeg\" alt=\"\" class=\"wp-image-44\" style=\"border-radius:20rem;aspect-ratio:3\/4;object-fit:cover\" srcset=\"https:\/\/magia-morza.de\/wp-content\/uploads\/2025\/11\/Hausfront-1-1024x768.jpeg 1024w, https:\/\/magia-morza.de\/wp-content\/uploads\/2025\/11\/Hausfront-1-300x225.jpeg 300w, https:\/\/magia-morza.de\/wp-content\/uploads\/2025\/11\/Hausfront-1-768x576.jpeg 768w, https:\/\/magia-morza.de\/wp-content\/uploads\/2025\/11\/Hausfront-1-1536x1152.jpeg 1536w, https:\/\/magia-morza.de\/wp-content\/uploads\/2025\/11\/Hausfront-1-2048x1536.jpeg 2048w\" sizes=\"auto, (max-width: 1024px) 100vw, 1024px\" \/><\/figure>\n<\/div>\n<\/div>\n\n\n\n<div class=\"wp-block-column is-vertically-aligned-center is-layout-flow wp-block-column-is-layout-flow\" style=\"flex-basis:60%\">\n<h2 class=\"wp-block-heading has-large-font-size\">Przytulny apartament wakacyjny z balkonem w pobli\u017cu Morza Ba\u0142tyckiego<\/h2>\n\n\n\n<p style=\"margin-top:16px\">Prze\u017cyj niezapomniane chwile w naszym apartamencie wakacyjnym \u201eMagia Morza\u201d, gdzie komfort \u0142\u0105czy si\u0119 z magi\u0105 morza. Wyobra\u017a sobie oaz\u0119 spokoju w samym sercu t\u0119tni\u0105cego \u017cyciem miasta. Przyjazna rodzinom dzielnica po\u0142o\u017cona w zielonej okolicy, zaledwie kilka krok\u00f3w od szerokiej pla\u017cy. Ciesz si\u0119 nowoczesn\u0105 architektur\u0105, kt\u00f3ra harmonijnie wtapia si\u0119 w otoczenie. W wyj\u0105tkowo spokojnej dzielnicy Podczele powsta\u0142y czteropi\u0119trowe budynki, w kt\u00f3rych znajduj\u0105 si\u0119 luksusowe apartamenty z nas\u0142onecznionymi balkonami. Apartament 1 na parterze jest dost\u0119pny bez barier architektonicznych i b\u0119dzie Twoim domem podczas wakacji.<\/p>\n\n\n\n<p style=\"margin-top:16px\">Prosimy o wyrozumia\u0142o\u015b\u0107, \u017ce palenie tytoniu jest zabronione!<\/p>\n\n\n\n<p class=\"has-text-align-center\" style=\"margin-top:16px\"><strong>&#8222;Magia Morza&#8221;<\/strong><\/p>\n\n\n\n<p style=\"margin-top:16px\"><\/p>\n<\/div>\n<\/div>\n<\/div>\n\n\n\n<div class=\"wp-block-group alignfull has-background-background-color has-background has-global-padding is-layout-constrained wp-block-group-is-layout-constrained\" id=\"galerie\" style=\"margin-top:0;margin-bottom:0;padding-top:var(--wp--preset--spacing--60);padding-bottom:var(--wp--preset--spacing--60)\"><\/div>\n\n\n\n<div class=\"wp-block-group alignfull has-tertiary-background-color has-background has-global-padding is-layout-constrained wp-container-core-group-is-layout-7276a2bb wp-block-group-is-layout-constrained\" style=\"margin-top:0;margin-bottom:0;padding-top:var(--wp--preset--spacing--60);padding-right:var(--wp--preset--spacing--30);padding-bottom:var(--wp--preset--spacing--60);padding-left:var(--wp--preset--spacing--30)\">\n<div class=\"wp-block-group has-global-padding is-layout-constrained wp-block-group-is-layout-constrained\">\n<h2 class=\"wp-block-heading has-text-align-center has-large-font-size\">Zrelaksuj si\u0119 na pi\u0119knym wybrze\u017cu Morza Ba\u0142tyckiego w Polsce.<\/h2>\n\n\n\n<p class=\"has-text-align-center\" style=\"margin-top:16px\">Zarezerwuj ju\u017c teraz pobyt w apartamencie wakacyjnym \u201eMagia Morza\u201d i ciesz si\u0119 komfortem oraz blisko\u015bci\u0105 morza. Zarezerwuj ju\u017c dzi\u015b swoje wymarzone wakacje i sp\u0119d\u017a relaksuj\u0105ce dni w Ko\u0142obrzegu\/Podczele.<\/p>\n\n\n\n<div class=\"wp-block-buttons is-content-justification-center is-layout-flex wp-container-core-buttons-is-layout-720bcce9 wp-block-buttons-is-layout-flex\">\n<div class=\"wp-block-button is-style-outline is-style-outline--1\"><a class=\"wp-block-button__link wp-element-button\" href=\"https:\/\/magia-morza.de\/pl\/ueber\">Dowiedz si\u0119 wi\u0119cej<\/a><\/div>\n\n\n\n<div class=\"wp-block-button\"><a class=\"wp-block-button__link wp-element-button\" href=\"https:\/\/magia-morza.de\/pl\/buchung\">Odkryj teraz<\/a><\/div>\n<\/div>\n<\/div>\n<\/div>\n\n\n\n<div class=\"wp-block-group alignfull has-background-background-color has-background has-global-padding is-layout-constrained wp-container-core-group-is-layout-2bc1b312 wp-block-group-is-layout-constrained\" id=\"kontakt\" style=\"margin-top:0;margin-bottom:0;padding-top:var(--wp--preset--spacing--60);padding-bottom:var(--wp--preset--spacing--60)\">\n<div class=\"wp-block-group has-global-padding is-layout-constrained wp-block-group-is-layout-constrained\">\n<h2 class=\"wp-block-heading has-text-align-center has-large-font-size\">Przytulny apartament wakacyjny w Ko\u0142obrzegu\/Podczele<\/h2>\n\n\n\n<p class=\"has-text-align-center\" style=\"margin-top:16px\">W celu dokonania rezerwacji prosimy o kontakt telefoniczny lub mailowy:<\/p>\n\n\n\n<p class=\"has-text-align-center\" style=\"margin-top:16px\">Numer telefonu:<\/p>\n\n\n\n<p class=\"has-text-align-center\" style=\"margin-top:16px\">+491708821560 <\/p>\n\n\n\n<p class=\"has-text-align-center\" style=\"margin-top:16px\">lub<\/p>\n\n\n\n<p class=\"has-text-align-center\" style=\"margin-top:16px\">+4915114477114<\/p>\n\n\n\n<p class=\"has-text-align-center\" style=\"margin-top:16px\">E-Mail: kontakt@magia-morza.de<\/p>\n<\/div>\n\n\n\n<div class=\"wp-block-columns alignwide has-tertiary-background-color has-background is-layout-flex wp-container-core-columns-is-layout-f3e73c6b wp-block-columns-is-layout-flex\" style=\"border-radius:2rem;padding-top:var(--wp--preset--spacing--30);padding-right:var(--wp--preset--spacing--30);padding-bottom:var(--wp--preset--spacing--30);padding-left:var(--wp--preset--spacing--30)\">\n<div class=\"wp-block-column is-layout-flow wp-block-column-is-layout-flow\" style=\"padding-top:var(--wp--preset--spacing--30);padding-right:var(--wp--preset--spacing--30);padding-bottom:var(--wp--preset--spacing--30);padding-left:var(--wp--preset--spacing--30)\">\n<div class=\"wp-block-contact-form-7-contact-form-selector\">\n<div class=\"wpcf7 no-js\" id=\"wpcf7-f289-o1\" lang=\"de-DE\" dir=\"ltr\" data-wpcf7-id=\"289\">\n<div class=\"screen-reader-response\"><p role=\"status\" aria-live=\"polite\" aria-atomic=\"true\"><\/p> <ul><\/ul><\/div>\n<form action=\"\/pl\/wp-json\/wp\/v2\/pages\/275#wpcf7-f289-o1\" method=\"post\" class=\"wpcf7-form init\" aria-label=\"Kontaktformular\" novalidate=\"novalidate\" data-status=\"init\">\n<fieldset class=\"hidden-fields-container\"><input type=\"hidden\" name=\"_wpcf7\" value=\"289\" \/><input type=\"hidden\" name=\"_wpcf7_version\" value=\"6.1.5\" \/><input type=\"hidden\" name=\"_wpcf7_locale\" value=\"de_DE\" \/><input type=\"hidden\" name=\"_wpcf7_unit_tag\" value=\"wpcf7-f289-o1\" \/><input type=\"hidden\" name=\"_wpcf7_container_post\" value=\"0\" \/><input type=\"hidden\" name=\"_wpcf7_posted_data_hash\" value=\"\" \/>\n<\/fieldset>\n<p><label> Twoje imi\u0119<br \/>\n<span class=\"wpcf7-form-control-wrap\" data-name=\"your-name\"><input size=\"40\" maxlength=\"400\" class=\"wpcf7-form-control wpcf7-text wpcf7-validates-as-required\" autocomplete=\"name\" aria-required=\"true\" aria-invalid=\"false\" value=\"\" type=\"text\" name=\"your-name\" \/><\/span> <\/label>\n<\/p>\n<p><label> Tw\u00f3j adres e-mail<br \/>\n<span class=\"wpcf7-form-control-wrap\" data-name=\"your-email\"><input size=\"40\" maxlength=\"400\" class=\"wpcf7-form-control wpcf7-email wpcf7-validates-as-required wpcf7-text wpcf7-validates-as-email\" autocomplete=\"email\" aria-required=\"true\" aria-invalid=\"false\" value=\"\" type=\"email\" name=\"your-email\" \/><\/span> <\/label>\n<\/p>\n<p><label> Temat<br \/>\n<span class=\"wpcf7-form-control-wrap\" data-name=\"your-subject\"><input size=\"40\" maxlength=\"400\" class=\"wpcf7-form-control wpcf7-text wpcf7-validates-as-required\" aria-required=\"true\" aria-invalid=\"false\" value=\"\" type=\"text\" name=\"your-subject\" \/><\/span> <\/label>\n<\/p>\n<p><label> Twoja wiadomo\u015b\u0107<br \/>\n<span class=\"wpcf7-form-control-wrap\" data-name=\"your-message\"><textarea cols=\"40\" rows=\"10\" maxlength=\"2000\" class=\"wpcf7-form-control wpcf7-textarea\" aria-invalid=\"false\" name=\"your-message\"><\/textarea><\/span> <\/label>\n<\/p>\n<p><input class=\"wpcf7-form-control wpcf7-submit has-spinner\" type=\"submit\" value=\"Wy\u015blij\" \/>\n<\/p><div class=\"wpcf7-response-output\" aria-hidden=\"true\"><\/div>\n<\/form>\n<\/div>\n<\/div>\n\n\n\n<p class=\"has-text-align-center\">Wysy\u0142aj\u0105c zapytanie, wyra\u017casz zgod\u0119 na przechowywanie tych danych w celu nawi\u0105zania kontaktu. Mo\u017cesz w ka\u017cdej chwili wycofa\u0107 t\u0119 zgod\u0119 \u2013 zobacz r\u00f3wnie\u017c link \u201eImpressum\/Ochrona danych\u201d w menu.<\/p>\n<\/div>\n\n\n\n<div class=\"wp-block-column is-layout-flow wp-block-column-is-layout-flow\">\n<p><\/p>\n\n\n\n<p class=\"has-text-align-center\"><\/p>\n\n\n\n<figure class=\"wp-block-image size-large is-resized\"><img loading=\"lazy\" decoding=\"async\" width=\"805\" height=\"1024\" src=\"https:\/\/magia-morza.de\/wp-content\/uploads\/2025\/12\/Leuchtturm-805x1024.jpeg\" alt=\"\" class=\"wp-image-234\" style=\"width:444px;height:auto\" srcset=\"https:\/\/magia-morza.de\/wp-content\/uploads\/2025\/12\/Leuchtturm-805x1024.jpeg 805w, https:\/\/magia-morza.de\/wp-content\/uploads\/2025\/12\/Leuchtturm-236x300.jpeg 236w, https:\/\/magia-morza.de\/wp-content\/uploads\/2025\/12\/Leuchtturm-768x977.jpeg 768w, https:\/\/magia-morza.de\/wp-content\/uploads\/2025\/12\/Leuchtturm-1208x1536.jpeg 1208w, https:\/\/magia-morza.de\/wp-content\/uploads\/2025\/12\/Leuchtturm.jpeg 1399w\" sizes=\"auto, (max-width: 805px) 100vw, 805px\" \/><\/figure>\n<\/div>\n<\/div>\n<\/div>\n","protected":false},"excerpt":{"rendered":"<p>Apartament wakacyjny \u201eMagia Morza\u201d w Ko\u0142obrzegu\/Podczele Zapraszamy na niezapomniane wakacje nad polskim Ba\u0142tykiem w naszym przytulnym apartamencie wakacyjnym, kt\u00f3ry gwarantuje komfort i relaks. Dzielnica Podczele oferuje spok\u00f3j i blisko\u015b\u0107 Morza Ba\u0142tyckiego. Mo\u017cliwo\u015b\u0107 spacer\u00f3w po pla\u017cy o ka\u017cdej porze roku jest niew\u0105tpliwie wielk\u0105 zalet\u0105 Podczele. Do centrum Ko\u0142obrzegu mo\u017cna dotrze\u0107 w kilka minut. Jako uzdrowisko i [&hellip;]<\/p>\n","protected":false},"author":2,"featured_media":0,"parent":0,"menu_order":0,"comment_status":"closed","ping_status":"closed","template":"no-title","meta":{"_locale":"pl_PL","_original_post":"https:\/\/magia-morza.de\/start\/","footnotes":""},"class_list":["post-275","page","type-page","status-publish","hentry","pl-PL"],"aioseo_notices":[],"_links":{"self":[{"href":"https:\/\/magia-morza.de\/wp-json\/wp\/v2\/pages\/275","targetHints":{"allow":["GET"]}}],"collection":[{"href":"https:\/\/magia-morza.de\/wp-json\/wp\/v2\/pages"}],"about":[{"href":"https:\/\/magia-morza.de\/wp-json\/wp\/v2\/types\/page"}],"author":[{"embeddable":true,"href":"https:\/\/magia-morza.de\/wp-json\/wp\/v2\/users\/2"}],"replies":[{"embeddable":true,"href":"https:\/\/magia-morza.de\/wp-json\/wp\/v2\/comments?post=275"}],"version-history":[{"count":4,"href":"https:\/\/magia-morza.de\/wp-json\/wp\/v2\/pages\/275\/revisions"}],"predecessor-version":[{"id":413,"href":"https:\/\/magia-morza.de\/wp-json\/wp\/v2\/pages\/275\/revisions\/413"}],"wp:attachment":[{"href":"https:\/\/magia-morza.de\/wp-json\/wp\/v2\/media?parent=275"}],"curies":[{"name":"wp","href":"https:\/\/api.w.org\/{rel}","templated":true}]}}